{"id":5452,"date":"2024-05-09T23:38:06","date_gmt":"2024-05-09T21:38:06","guid":{"rendered":"https:\/\/www.undjetzt-konferenz.de\/?page_id=5452"},"modified":"2024-07-21T12:42:50","modified_gmt":"2024-07-21T10:42:50","slug":"vision-idee","status":"publish","type":"page","link":"https:\/\/undjetzt-konferenz.de\/en\/vision-idee\/","title":{"rendered":"Vision &#038; Idee"},"content":{"rendered":"\t\t<div data-elementor-type=\"wp-page\" data-elementor-id=\"5452\" class=\"elementor elementor-5452\">\n\t\t\t\t\t\t<section class=\"elementor-section elementor-top-section elementor-element elementor-element-4c3ea2aa elementor-section-boxed elementor-section-height-default elementor-section-height-default\" data-id=\"4c3ea2aa\" data-element_type=\"section\" data-e-type=\"section\">\n\t\t\t\t\t\t<div class=\"elementor-container elementor-column-gap-default\">\n\t\t\t\t\t<div class=\"elementor-column elementor-col-100 elementor-top-column elementor-element elementor-element-53b2bc66\" data-id=\"53b2bc66\" data-element_type=\"column\" data-e-type=\"column\">\n\t\t\t<div class=\"elementor-widget-wrap elementor-element-populated\">\n\t\t\t\t\t\t<div class=\"elementor-element elementor-element-3f18dc78 elementor-widget elementor-widget-text-editor\" data-id=\"3f18dc78\" data-element_type=\"widget\" data-e-type=\"widget\" data-widget_type=\"text-editor.default\">\n\t\t\t\t<div class=\"elementor-widget-container\">\n\t\t\t\t\t\t\t\t\t<div><div><em>\u00a0<\/em><\/div><div><em>Lasst uns zueinander finden, damit aus unterschiedlichen Vergangenheiten ein gemeinsames Jetzt entsteht<\/em><\/div><\/div><div><em>und eine andere Zukunft greifbar wird. Herz und Kopf voll von einer Welt, die nicht bleiben soll, wie sie ist.<\/em><\/div><div><em>\u00a0<\/em><\/div><div>\u00a0<\/div><div><em>Lasst uns aufbrechen an einen Ort, wo starke Regenf\u00e4lle kleine B\u00e4che in mitrei\u00dfende Fl\u00fcsse verwandeln. <\/em><em>Wo wir die Mutigen sind, die diese Welt gestalten. Wo Visionen zu Pl\u00e4nen werden, Utopien zu Wirklichkeit. Wo Ver\u00e4nderung m\u00f6glich ist und Raum f\u00fcr alles, was kommt.<\/em><\/div><div><em>\u00a0<\/em><\/div><div>\u00a0<\/div><div><em>Lasst uns ausbrechen in eine Zeit, in der wir anhalten k\u00f6nnen und zur Ruhe kommen. In der wir uns trauen k\u00f6nnen, uns zu sp\u00fcren und uns zu zeigen. In der wir Bekanntes hinterfragen und uns gegenseitig zum Denken ansto\u00dfen.<\/em><br \/><em><br \/><\/em><\/div><div>\u00a0<\/div><div><em>Lasst uns die gro\u00dfen Fragen des Lebens in den kleinen Momenten des Gl\u00fccks stellen und gemeinsam nach Antworten suchen: <\/em><\/div><div><em>Wo wollen wir hin? <\/em><em>Wof\u00fcr brenne ich? <\/em><em>Wof\u00fcr lebst du?<\/em><br \/><em><br \/><\/em><\/div><div>\u00a0<\/div><div><em>Lasst uns offen und kritisch voneinander lernen, miteinander wandeln und einander wandeln. Uns gegenseitig motivieren, unsere St\u00e4rken erkennen, in unsere F\u00e4higkeiten vertrauen und selbst aktiv werden. M\u00f6glichkeiten sehen, Ideen spinnen und zu handfesten Pl\u00e4nen verweben. Das unsichtbare Netz des Lebens erkennen, zwischen dir und mir und allen, und f\u00fcr die ungerechten Str\u00e4nge neue Wege erdenken.<\/em><br \/><em><br \/><\/em><\/div><div>\u00a0<\/div><div><em>Lasst uns gemeinsam Tr\u00e4ume verwirklichen und andere Selbstverst\u00e4ndlichkeiten leben.<\/em><\/div><div><em>\u00a0<\/em><\/div><div>\u00a0<\/div><div><p><em>Nicht morgen, nicht irgendwann \u2013 sondern hier undjetzt?!<\/em><\/p><div><div data-id=\"bec33ce\" data-element_type=\"column\"><div><div><h3>Wie k\u00f6nnen wir ein gutes Leben f\u00fcr alle gestalten &#8211; hier, morgen, undjetzt?!<\/h3><\/div><\/div><\/div><\/div><\/div><section data-id=\"8c45d09\" data-element_type=\"section\"><div><div data-id=\"77844fd\" data-element_type=\"column\"><p>Dieser Frage gehen wir eine Woche lang mit vielen motivierten Teilnehmenden auf den Grund: in Workshops, Vortr\u00e4gen, spielerisch und in pers\u00f6nlichen Begegnungen.<\/p><div><div data-id=\"00ba8af\" data-element_type=\"widget\" data-widget_type=\"text-editor.default\"><div><p>Daneben gibt es viel Raum f\u00fcr Erfahrungsaustausch, Reflexion und Inspiration. Es kann Neues entstehen, du kannst frei sein, lebendig und einfach du selbst.<\/p><p>Die inhaltlichen Themen sind breit gef\u00e4chert: gelebte <strong>Nachhaltigkeit<\/strong>, <strong>Klimagerechtigkeit<\/strong>, Perspektiven aus dem globalen S\u00fcden, Feminismus, alternatives <strong>Wirtschaften<\/strong>, soziale und globale Gerechtigkeit, <strong>Antirassismus<\/strong>, <strong>Pers\u00f6nlichkeitsentwicklung<\/strong> und vieles mehr.<\/p><p>Wir m\u00f6chten Bewusstsein daf\u00fcr schaffen, wie jede*r Einzelne bei sich selbst anfangen kann: Wie k\u00f6nnen wir uns Fragen nach den Ungerechtigkeiten in der Welt und nach der eigenen Verantwortung stellen? Wir m\u00f6chten Selbstverst\u00e4ndlichkeiten hinterfragen und zu <strong>gesellschaftlichem Wandel <\/strong><strong>beitragen<\/strong> \u2013 dort, wo jede*r die eigenen F\u00e4higkeiten am besten einsetzen kann. Wir m\u00f6chten f\u00fcr solidarische Lebensentw\u00fcrfe begeistern und zum kritischen Denken anregen.<br \/>Dabei soll auch deutlich werden, dass wir nur etwas erreichen und ver\u00e4ndern k\u00f6nnen, wenn wir zusammen wirken und achtsam miteinander umgehen. Die Konferenz ist eine <strong>Plattform zur Vernetzung<\/strong> von Menschen und Ideen, die sich gegenseitig befruchten und <strong>zu Engagement motivieren<\/strong>.<\/p><p>Beim Konzert, im geldfreien undjetzt?!-Caf\u00e9, auf der offenen B\u00fchne oder in der H\u00e4ngematte bleibt Zeit, um das Erfahrene zu reflektieren und zu diskutieren. Aus vagen Ideen k\u00f6nnen gemeinsam konkrete Projekte entstehen und weiterentwickelt werden.<\/p><p>Die undjetzt?!-Konferenz richtet sich an alle, die sich mit der Frage <strong>\u201eundjetzt?!\u201c<\/strong> besch\u00e4ftigen m\u00f6chten. Sie richtet sich an Rastlose und an Ratlose, an alle, die nach neuen M\u00f6glichkeiten des zivilgesellschaftlichen Engagements suchen, um sich gemeinsam zu organisieren.<br \/>Pers\u00f6nlich \u2013 gesellschaftlich \u2013 global.<\/p><p>Auf der Konferenz wird es R\u00e4ume geben, wo Menschen mit ihren Diskriminierungserfahrungen geh\u00f6rt, gesehen und ernst genommen werden. Und es gibt Raum, um sich kritisch mit eigenen Privilegien auseinanderzusetzen. Gemeinsam wollen wir uns handlungsf\u00e4higer machen, um zu einer lebenswerten Welt f\u00fcr alle beizutragen.<\/p><p>Wir k\u00f6nnen gemeinsam aufbrechen, neue Wege beschreiten und Ver\u00e4nderungen schaffen. <strong>Bist Du dabei?<\/strong><\/p><p><strong>Wann?<\/strong> 10. \u2013 17.08.2024<br \/><strong>Wo?<\/strong> gASTWERKe, Escherode bei Kassel<br \/><b><br \/><a href=\"https:\/\/www.undjetzt-konferenz.de\/anmeldung-2\/\"><br \/>Hier geht&#8217;s zur Anmeldung<\/a>!<\/b><\/p><b> <\/b><p>\u00a0<\/p><\/div><\/div><\/div><\/div><\/div><\/section>\t\t\t\t\t\t\t\t<\/div>\n\t\t\t\t<\/div>\n\t\t\t\t\t<\/div>\n\t\t<\/div>\n\t\t\t\t\t<\/div>\n\t\t<\/section>\n\t\t\t\t<\/div>\n\t\t","protected":false},"excerpt":{"rendered":"<p>\u00a0Lasst uns zueinander finden, damit aus unterschiedlichen Vergangenheiten ein gemeinsames Jetzt entstehtund eine andere Zukunft greifbar wird. Herz und Kopf voll von einer Welt, die nicht bleiben soll,&hellip;<\/p>\n","protected":false},"author":23,"featured_media":0,"parent":0,"menu_order":0,"comment_status":"closed","ping_status":"closed","template":"","meta":{"footnotes":""},"class_list":["post-5452","page","type-page","status-publish","has-post-thumbnail","hentry"],"translation":{"provider":"WPGlobus","version":"3.0.2","language":"en","enabled_languages":["de","en"],"languages":{"de":{"title":true,"content":true,"excerpt":false},"en":{"title":false,"content":false,"excerpt":false}}},"_links":{"self":[{"href":"https:\/\/undjetzt-konferenz.de\/en\/wp-json\/wp\/v2\/pages\/5452","targetHints":{"allow":["GET"]}}],"collection":[{"href":"https:\/\/undjetzt-konferenz.de\/en\/wp-json\/wp\/v2\/pages"}],"about":[{"href":"https:\/\/undjetzt-konferenz.de\/en\/wp-json\/wp\/v2\/types\/page"}],"author":[{"embeddable":true,"href":"https:\/\/undjetzt-konferenz.de\/en\/wp-json\/wp\/v2\/users\/23"}],"replies":[{"embeddable":true,"href":"https:\/\/undjetzt-konferenz.de\/en\/wp-json\/wp\/v2\/comments?post=5452"}],"version-history":[{"count":34,"href":"https:\/\/undjetzt-konferenz.de\/en\/wp-json\/wp\/v2\/pages\/5452\/revisions"}],"predecessor-version":[{"id":5988,"href":"https:\/\/undjetzt-konferenz.de\/en\/wp-json\/wp\/v2\/pages\/5452\/revisions\/5988"}],"wp:attachment":[{"href":"https:\/\/undjetzt-konferenz.de\/en\/wp-json\/wp\/v2\/media?parent=5452"}],"curies":[{"name":"wp","href":"https:\/\/api.w.org\/{rel}","templated":true}]}}