{"id":5440,"date":"2024-05-09T22:39:05","date_gmt":"2024-05-09T20:39:05","guid":{"rendered":"https:\/\/www.undjetzt-konferenz.de\/?page_id=5440"},"modified":"2024-08-05T00:59:01","modified_gmt":"2024-08-04T22:59:01","slug":"programm-undjetzt-2024","status":"publish","type":"page","link":"https:\/\/undjetzt-konferenz.de\/en\/programm-undjetzt-2024\/","title":{"rendered":"Programm undjetzt?! 2024"},"content":{"rendered":"\t\t<div data-elementor-type=\"wp-page\" data-elementor-id=\"5440\" class=\"elementor elementor-5440\">\n\t\t\t\t\t\t<section class=\"elementor-section elementor-top-section elementor-element elementor-element-29c72400 elementor-section-boxed elementor-section-height-default elementor-section-height-default\" data-id=\"29c72400\" data-element_type=\"section\" data-e-type=\"section\">\n\t\t\t\t\t\t<div class=\"elementor-container elementor-column-gap-default\">\n\t\t\t\t\t<div class=\"elementor-column elementor-col-100 elementor-top-column elementor-element elementor-element-3a3a4688\" data-id=\"3a3a4688\" data-element_type=\"column\" data-e-type=\"column\">\n\t\t\t<div class=\"elementor-widget-wrap elementor-element-populated\">\n\t\t\t\t\t\t<div class=\"elementor-element elementor-element-160ce39b elementor-widget__width-initial elementor-widget elementor-widget-text-editor\" data-id=\"160ce39b\" data-element_type=\"widget\" data-e-type=\"widget\" data-widget_type=\"text-editor.default\">\n\t\t\t\t<div class=\"elementor-widget-container\">\n\t\t\t\t\t\t\t\t\t<p><span style=\"font-size: 14pt; caret-color: #555555; color: #000000; font-family: 'Open Sans', sans-serif;\"><span style=\"font-family: times new roman, times, serif;\">Endlich ist sie da &#8211; die \u00dcbersicht \u00fcber die gemeinsame Woche! (oben)<\/span><\/span><\/p><p><span style=\"font-size: 14pt; caret-color: #555555; color: #000000; font-family: 'Open Sans', sans-serif;\"><span style=\"font-family: times new roman, times, serif;\">Die undjetzt?! findet <b>vom 10.-17. August 2024<\/b> <a href=\"https:\/\/www.undjetzt-konferenz.de\/konferenzort-2\/\" target=\"_blank\" rel=\"noopener\">bei den gASTWERKen in Escherode<\/a> statt. Die beiden Samstage sind An- und Abreisetag.<br \/><\/span><\/span><\/p><p><span style=\"font-size: 14pt; caret-color: #555555; color: #000000; font-family: 'Open Sans', sans-serif;\"><span style=\"font-family: times new roman, times, serif;\">Und hier unten findest du <strong>Infos zu den Workshops<\/strong> :-) Sei gespannt!\u00a0<\/span> <br \/><\/span><\/p>\t\t\t\t\t\t\t\t<\/div>\n\t\t\t\t<\/div>\n\t\t\t\t\t<\/div>\n\t\t<\/div>\n\t\t\t\t\t<\/div>\n\t\t<\/section>\n\t\t\t\t<section class=\"elementor-section elementor-top-section elementor-element elementor-element-81146b7 elementor-section-boxed elementor-section-height-default elementor-section-height-default\" data-id=\"81146b7\" data-element_type=\"section\" data-e-type=\"section\">\n\t\t\t\t\t\t<div class=\"elementor-container elementor-column-gap-default\">\n\t\t\t\t\t<div class=\"elementor-column elementor-col-100 elementor-top-column elementor-element elementor-element-6f6b1a8\" data-id=\"6f6b1a8\" data-element_type=\"column\" data-e-type=\"column\">\n\t\t\t<div class=\"elementor-widget-wrap elementor-element-populated\">\n\t\t\t\t\t\t<div class=\"elementor-element elementor-element-08aa6fc elementor-widget elementor-widget-accordion\" data-id=\"08aa6fc\" data-element_type=\"widget\" data-e-type=\"widget\" data-widget_type=\"accordion.default\">\n\t\t\t\t<div class=\"elementor-widget-container\">\n\t\t\t\t\t\t\t<div class=\"elementor-accordion\">\n\t\t\t\t\t\t\t<div class=\"elementor-accordion-item\">\n\t\t\t\t\t<div id=\"elementor-tab-title-9081\" class=\"elementor-tab-title\" data-tab=\"1\" role=\"button\" aria-controls=\"elementor-tab-content-9081\" aria-expanded=\"false\">\n\t\t\t\t\t\t\t\t\t\t\t\t\t<span class=\"elementor-accordion-icon elementor-accordion-icon-left\" aria-hidden=\"true\">\n\t\t\t\t\t\t\t\t\t\t\t\t\t\t\t<span class=\"elementor-accordion-icon-closed\"><i class=\"fas fa-plus\"><\/i><\/span>\n\t\t\t\t\t\t\t\t<span class=\"elementor-accordion-icon-opened\"><i class=\"fas fa-minus\"><\/i><\/span>\n\t\t\t\t\t\t\t\t\t\t\t\t\t\t<\/span>\n\t\t\t\t\t\t\t\t\t\t\t\t<a class=\"elementor-accordion-title\" tabindex=\"0\">Pluriversum \u2013 diverse Ideen f\u00fcr globale Transformation(en) \u2013 Ashish Kothari (auf Englisch)<\/a>\n\t\t\t\t\t<\/div>\n\t\t\t\t\t<div id=\"elementor-tab-content-9081\" class=\"elementor-tab-content elementor-clearfix\" data-tab=\"1\" role=\"region\" aria-labelledby=\"elementor-tab-title-9081\"><p>Gesellschaften stehen global vor gro\u00dfen Herausforderungen. Dabei ist die Klimakrise nur eine von vielen. Weltweit suchen Menschen nach Ans\u00e4tzen f\u00fcr gro\u00dfe sozial-\u00f6kologische Transformationen. Dabei schlagen Wissenschaftler*innen, insbesondere aus dem Globalen S\u00fcden, \u201epluriverselle\u201c statt universelle L\u00f6sungsans\u00e4tze vor. Im Workshop werden deren Prinzipien erl\u00e4utert und erforscht, was davon f\u00fcr den eigenen (Engagement-)Alltag inspirieren kann.<\/p><\/div>\n\t\t\t\t<\/div>\n\t\t\t\t\t\t\t<div class=\"elementor-accordion-item\">\n\t\t\t\t\t<div id=\"elementor-tab-title-9082\" class=\"elementor-tab-title\" data-tab=\"2\" role=\"button\" aria-controls=\"elementor-tab-content-9082\" aria-expanded=\"false\">\n\t\t\t\t\t\t\t\t\t\t\t\t\t<span class=\"elementor-accordion-icon elementor-accordion-icon-left\" aria-hidden=\"true\">\n\t\t\t\t\t\t\t\t\t\t\t\t\t\t\t<span class=\"elementor-accordion-icon-closed\"><i class=\"fas fa-plus\"><\/i><\/span>\n\t\t\t\t\t\t\t\t<span class=\"elementor-accordion-icon-opened\"><i class=\"fas fa-minus\"><\/i><\/span>\n\t\t\t\t\t\t\t\t\t\t\t\t\t\t<\/span>\n\t\t\t\t\t\t\t\t\t\t\t\t<a class=\"elementor-accordion-title\" tabindex=\"0\">Die Welt auf den Kopf stellen. Strategien f\u00fcr radikale Transformation \u2013 Nilda Inkermann<\/a>\n\t\t\t\t\t<\/div>\n\t\t\t\t\t<div id=\"elementor-tab-content-9082\" class=\"elementor-tab-content elementor-clearfix\" data-tab=\"2\" role=\"region\" aria-labelledby=\"elementor-tab-title-9082\"><p>In diesem Workshop besch\u00e4ftigen wir uns mit aktuellen Transformationsverst\u00e4ndnissen und lernen unterschiedliche Deutungen von Transformation kennen. Der Fokus liegt auf einem kritisch-emanzipatorischen Transformationsverst\u00e4ndnis, das auf einen tiefgreifenden gesellschaftlichen Systemwandel abzielt.&nbsp;<\/p><p>Zudem geht es im Workshop um die Frage der Strategie: Wie kommt der Wandel in die Welt? Wie planen wir das Unplanbare? Wir besch\u00e4ftigen uns mit unterschiedlichen Strategien gesellschaftlichen Wandels. In einigen (vor allem analytischen, aber auch emotionsgeleiteten) \u00dcbungen werden eigene Aktivit\u00e4tsfelder sowie Erfahrungen politischer Arbeit zum Ausgangspunkt der Reflektion von Verst\u00e4ndnissen und Theorien des Wandels genutzt.<\/p><\/div>\n\t\t\t\t<\/div>\n\t\t\t\t\t\t\t<div class=\"elementor-accordion-item\">\n\t\t\t\t\t<div id=\"elementor-tab-title-9083\" class=\"elementor-tab-title\" data-tab=\"3\" role=\"button\" aria-controls=\"elementor-tab-content-9083\" aria-expanded=\"false\">\n\t\t\t\t\t\t\t\t\t\t\t\t\t<span class=\"elementor-accordion-icon elementor-accordion-icon-left\" aria-hidden=\"true\">\n\t\t\t\t\t\t\t\t\t\t\t\t\t\t\t<span class=\"elementor-accordion-icon-closed\"><i class=\"fas fa-plus\"><\/i><\/span>\n\t\t\t\t\t\t\t\t<span class=\"elementor-accordion-icon-opened\"><i class=\"fas fa-minus\"><\/i><\/span>\n\t\t\t\t\t\t\t\t\t\t\t\t\t\t<\/span>\n\t\t\t\t\t\t\t\t\t\t\t\t<a class=\"elementor-accordion-title\" tabindex=\"0\">Permakultur\u00a0\u2013 Alex Vergara (auf Englisch)<\/a>\n\t\t\t\t\t<\/div>\n\t\t\t\t\t<div id=\"elementor-tab-content-9083\" class=\"elementor-tab-content elementor-clearfix\" data-tab=\"3\" role=\"region\" aria-labelledby=\"elementor-tab-title-9083\"><p>Das Konzept der Permakultur zielt darauf ab, geschlossene nachhaltige Kreisl\u00e4ufe herzustellen, die dem Vorbild der Natur folgen. Durch die Nutzung verschiedener Pflanzeneigenschaften &#8211; wie das Abschrecken von Parasiten oder die Unterdr\u00fcckung von Unkr\u00e4utern sowie die Ber\u00fccksichtigung der unterschiedlichen N\u00e4hrstoffbilanzen der Pflanzen &#8211; kann der Verbrauch von Pestiziden, Herbiziden und Kunstd\u00fcngern stark verringert werden und ein Beitrag zur globalen Ern\u00e4hrungssicherheit geleistet werden. In diesem Workshop soll die urspr\u00fcngliche Form der Permakultur in der Landwirtschaft thematisiert werden, aber auch die Ausweitung der Philosophie auf diverse Lebensbereiche, wie beispielsweise auf soziale Beziehungen, Landschaftsplanung und Unternehmen. Permakultur kann auch als Sammelbegriff f\u00fcr unterschiedliche regionale und traditionelle Ans\u00e4tze weltweit aufgefasst werden, deren Ziel es ist, m\u00f6glichst naturerhaltende Landwirtschaft zu betreiben. Die Aneignung des Begriffs als eigens erschaffenes Konzept <em>wei\u00dfer<\/em> Menschen wird kritisch hinterfragt. Von besonderem Interesse sind daher traditionelle und moderne Ans\u00e4tze, die in der weniger intensiven Landwirtschaft im Globalen S\u00fcden Erfolge zeigen.<\/p><\/div>\n\t\t\t\t<\/div>\n\t\t\t\t\t\t\t<div class=\"elementor-accordion-item\">\n\t\t\t\t\t<div id=\"elementor-tab-title-9084\" class=\"elementor-tab-title\" data-tab=\"4\" role=\"button\" aria-controls=\"elementor-tab-content-9084\" aria-expanded=\"false\">\n\t\t\t\t\t\t\t\t\t\t\t\t\t<span class=\"elementor-accordion-icon elementor-accordion-icon-left\" aria-hidden=\"true\">\n\t\t\t\t\t\t\t\t\t\t\t\t\t\t\t<span class=\"elementor-accordion-icon-closed\"><i class=\"fas fa-plus\"><\/i><\/span>\n\t\t\t\t\t\t\t\t<span class=\"elementor-accordion-icon-opened\"><i class=\"fas fa-minus\"><\/i><\/span>\n\t\t\t\t\t\t\t\t\t\t\t\t\t\t<\/span>\n\t\t\t\t\t\t\t\t\t\t\t\t<a class=\"elementor-accordion-title\" tabindex=\"0\">Auf Kosten anderer. Wie die imperiale Lebensweise ein gutes Leben f\u00fcr alle verhindert \u2013 Nilda Inkermann<\/a>\n\t\t\t\t\t<\/div>\n\t\t\t\t\t<div id=\"elementor-tab-content-9084\" class=\"elementor-tab-content elementor-clearfix\" data-tab=\"4\" role=\"region\" aria-labelledby=\"elementor-tab-title-9084\"><p>Unsere vorherrschende Lebensweise verhindert ein gutes Leben f\u00fcr \nalle. Im Rahmen des Workshops findet eine Einf\u00fchrung in das Konzept der \nimperialen Lebens- und Produktionsweise statt. Gemeinsam gehen wir der \nFrage nach, warum es in den bestehenden gesellschaftlichen Strukturen so\n schwer ist, <i>nicht<\/i> auf Kosten von Natur und anderen Menschen zu leben.&nbsp;<\/p>\n<p>Doch bei diesem analytischen Blick bleiben wir nicht stehen. Wie kann\n eine globale gerechte sozial-\u00f6kologische Transformation der bestehenden\n Lebens- und Produktionsweise gelingen, die ein gutes Leben f\u00fcr alle \nanstrebt? Das Konzept der solidarischen Lebens- und Produktionsweise \nbietet bez\u00fcglich dieser Fragen Perspektiven. Und gegenw\u00e4rtige kollektive\n politische Praxisprojekte k\u00f6nnen orientierend und inspirierend f\u00fcr das \nDenken und die Mitgestaltung von solidarischen Lebens- und \nProduktionsweisen sein. Im Workshop werden entsprechend \nwissenschaftliche Analysen mit politischer Praxis verkn\u00fcpft.<\/p><\/div>\n\t\t\t\t<\/div>\n\t\t\t\t\t\t\t<div class=\"elementor-accordion-item\">\n\t\t\t\t\t<div id=\"elementor-tab-title-9085\" class=\"elementor-tab-title\" data-tab=\"5\" role=\"button\" aria-controls=\"elementor-tab-content-9085\" aria-expanded=\"false\">\n\t\t\t\t\t\t\t\t\t\t\t\t\t<span class=\"elementor-accordion-icon elementor-accordion-icon-left\" aria-hidden=\"true\">\n\t\t\t\t\t\t\t\t\t\t\t\t\t\t\t<span class=\"elementor-accordion-icon-closed\"><i class=\"fas fa-plus\"><\/i><\/span>\n\t\t\t\t\t\t\t\t<span class=\"elementor-accordion-icon-opened\"><i class=\"fas fa-minus\"><\/i><\/span>\n\t\t\t\t\t\t\t\t\t\t\t\t\t\t<\/span>\n\t\t\t\t\t\t\t\t\t\t\t\t<a class=\"elementor-accordion-title\" tabindex=\"0\">Koloniale Kontinuit\u00e4ten (Workshop f\u00fcr Einsteiger*innen) \u2013 Nkrumah Mbouguen<\/a>\n\t\t\t\t\t<\/div>\n\t\t\t\t\t<div id=\"elementor-tab-content-9085\" class=\"elementor-tab-content elementor-clearfix\" data-tab=\"5\" role=\"region\" aria-labelledby=\"elementor-tab-title-9085\"><p>Wem geh\u00f6rt eigentlich das Wasser? Wo sind koloniale Kontinuit\u00e4ten in unserem Alltag sichtbar? Warum sind Zug\u00e4nge zu Ressourcen global auffallend ungerecht verteilt?<br \/>Bis heute verhindern koloniale Kontinuit\u00e4ten eine Chancengleichheit zwischen dem Globalen S\u00fcden und dem Globalen Norden. Im Workshop gehen die Teilnehmenden mit Nkrumah in die Vergangenheit und finden dort Antworten, die zu einem Verst\u00e4ndnis f\u00fcr heutige globale Zusammenh\u00e4nge f\u00fchren.<\/p><\/div>\n\t\t\t\t<\/div>\n\t\t\t\t\t\t\t<div class=\"elementor-accordion-item\">\n\t\t\t\t\t<div id=\"elementor-tab-title-9086\" class=\"elementor-tab-title\" data-tab=\"6\" role=\"button\" aria-controls=\"elementor-tab-content-9086\" aria-expanded=\"false\">\n\t\t\t\t\t\t\t\t\t\t\t\t\t<span class=\"elementor-accordion-icon elementor-accordion-icon-left\" aria-hidden=\"true\">\n\t\t\t\t\t\t\t\t\t\t\t\t\t\t\t<span class=\"elementor-accordion-icon-closed\"><i class=\"fas fa-plus\"><\/i><\/span>\n\t\t\t\t\t\t\t\t<span class=\"elementor-accordion-icon-opened\"><i class=\"fas fa-minus\"><\/i><\/span>\n\t\t\t\t\t\t\t\t\t\t\t\t\t\t<\/span>\n\t\t\t\t\t\t\t\t\t\t\t\t<a class=\"elementor-accordion-title\" tabindex=\"0\">Dekoloniales Engagement \u2013 Nkrumah Mbouguen<\/a>\n\t\t\t\t\t<\/div>\n\t\t\t\t\t<div id=\"elementor-tab-content-9086\" class=\"elementor-tab-content elementor-clearfix\" data-tab=\"6\" role=\"region\" aria-labelledby=\"elementor-tab-title-9086\"><p>Wie k\u00f6nnen wir uns dekolonial engagieren? Welche Initiativen, Vereine und Organisationen gibt es bereits im Themenfeld \u201cDe-Kolonialisierung\u201d? Diese beiden zentralen Fragen stehen in diesem Workshop im Vordergrund. Au\u00dferdem werden den Teilnehmenden konkrerte Handlungsm\u00f6glichkeiten aufgezeigt.<\/p><\/div>\n\t\t\t\t<\/div>\n\t\t\t\t\t\t\t<div class=\"elementor-accordion-item\">\n\t\t\t\t\t<div id=\"elementor-tab-title-9087\" class=\"elementor-tab-title\" data-tab=\"7\" role=\"button\" aria-controls=\"elementor-tab-content-9087\" aria-expanded=\"false\">\n\t\t\t\t\t\t\t\t\t\t\t\t\t<span class=\"elementor-accordion-icon elementor-accordion-icon-left\" aria-hidden=\"true\">\n\t\t\t\t\t\t\t\t\t\t\t\t\t\t\t<span class=\"elementor-accordion-icon-closed\"><i class=\"fas fa-plus\"><\/i><\/span>\n\t\t\t\t\t\t\t\t<span class=\"elementor-accordion-icon-opened\"><i class=\"fas fa-minus\"><\/i><\/span>\n\t\t\t\t\t\t\t\t\t\t\t\t\t\t<\/span>\n\t\t\t\t\t\t\t\t\t\t\t\t<a class=\"elementor-accordion-title\" tabindex=\"0\">Wildnisp\u00e4dagogik \u2013 Linn\u00e9a <\/a>\n\t\t\t\t\t<\/div>\n\t\t\t\t\t<div id=\"elementor-tab-content-9087\" class=\"elementor-tab-content elementor-clearfix\" data-tab=\"7\" role=\"region\" aria-labelledby=\"elementor-tab-title-9087\"><p>Orientierung in der Natur \u2013 wie finde ich meinen Weg? Den eigenen Sinnen vertrauen und sich spielerisch in der Landschaft zurechtfinden. Wald ganz anders erfahren, mit allen Sinnen wahrnehmen und spielerisch mit einer erfahrenen Wildnisp\u00e4dagogin erkunden.<\/p><\/div>\n\t\t\t\t<\/div>\n\t\t\t\t\t\t\t<div class=\"elementor-accordion-item\">\n\t\t\t\t\t<div id=\"elementor-tab-title-9088\" class=\"elementor-tab-title\" data-tab=\"8\" role=\"button\" aria-controls=\"elementor-tab-content-9088\" aria-expanded=\"false\">\n\t\t\t\t\t\t\t\t\t\t\t\t\t<span class=\"elementor-accordion-icon elementor-accordion-icon-left\" aria-hidden=\"true\">\n\t\t\t\t\t\t\t\t\t\t\t\t\t\t\t<span class=\"elementor-accordion-icon-closed\"><i class=\"fas fa-plus\"><\/i><\/span>\n\t\t\t\t\t\t\t\t<span class=\"elementor-accordion-icon-opened\"><i class=\"fas fa-minus\"><\/i><\/span>\n\t\t\t\t\t\t\t\t\t\t\t\t\t\t<\/span>\n\t\t\t\t\t\t\t\t\t\t\t\t<a class=\"elementor-accordion-title\" tabindex=\"0\">Dragon Dreaming \u2013 Alex Vergara (auf Englisch)<\/a>\n\t\t\t\t\t<\/div>\n\t\t\t\t\t<div id=\"elementor-tab-content-9088\" class=\"elementor-tab-content elementor-clearfix\" data-tab=\"8\" role=\"region\" aria-labelledby=\"elementor-tab-title-9088\"><p>Developing a project in a sustainable and inclusive way with different people, from different cultures, nationalities, life experiences, studies, opinions or similarities; it is always a challenge where listening and creating agreements that benefit everyone and everything, whether it is the community, our environment or ourselves as individuals is a major job. This is how the Dragon Dreaming methodology brings us closer to listen to each other and work together regardless of our differences making these a strength to generate triple impact projects that help us to improve our communities, our environment and its surroundings, as well as our personal development in the skills that each one has but sometimes we fail to exploit or use them in all their splendor. For several years the concept of Win-Win-Win (community-environment-person) has been successfully developed in Australia where more and more projects around the world are adopting this methodology to generate positive impact on our planet. This workshop will take us to know the most important tools and the necessary steps to develop sustainable projects through the potential of each one of us.<\/p><\/div>\n\t\t\t\t<\/div>\n\t\t\t\t\t\t\t<div class=\"elementor-accordion-item\">\n\t\t\t\t\t<div id=\"elementor-tab-title-9089\" class=\"elementor-tab-title\" data-tab=\"9\" role=\"button\" aria-controls=\"elementor-tab-content-9089\" aria-expanded=\"false\">\n\t\t\t\t\t\t\t\t\t\t\t\t\t<span class=\"elementor-accordion-icon elementor-accordion-icon-left\" aria-hidden=\"true\">\n\t\t\t\t\t\t\t\t\t\t\t\t\t\t\t<span class=\"elementor-accordion-icon-closed\"><i class=\"fas fa-plus\"><\/i><\/span>\n\t\t\t\t\t\t\t\t<span class=\"elementor-accordion-icon-opened\"><i class=\"fas fa-minus\"><\/i><\/span>\n\t\t\t\t\t\t\t\t\t\t\t\t\t\t<\/span>\n\t\t\t\t\t\t\t\t\t\t\t\t<a class=\"elementor-accordion-title\" tabindex=\"0\">Moderation in Gruppen \u2013 Elvyn Bliss<\/a>\n\t\t\t\t\t<\/div>\n\t\t\t\t\t<div id=\"elementor-tab-content-9089\" class=\"elementor-tab-content elementor-clearfix\" data-tab=\"9\" role=\"region\" aria-labelledby=\"elementor-tab-title-9089\"><p>Resilienzstrategien f\u00fcr selbstorganisierte Projekte<\/p><p>Um etwas zu ver\u00e4ndern, m\u00fcssen wir zusammenarbeiten. Doch Selbstorganisierung ist oft gar nicht so einfach, und Projekte stehen immer wieder vor Herausforderungen, die sie \u00fcberfordern. Dabei gibt es viele Methoden und Tipps, die verhindern k\u00f6nnen, dass aus Schwierigkeiten Konflikte entstehen und sich Leute in der Gruppe nicht mehr wohl f\u00fchlen. Im Workshop erz\u00e4hlt Mediator*in Elvyn Bliss aus Elvyns Arbeit mit Projektgruppen, Kollektivbetrieben und Hausprojekten. Elvyn teilt Erfahrungen und Methoden, wie du mit ein paar simplen Tricks &amp; (Moderations-)Methoden die Gruppen, in denen du bist, resilienter und handlungsf\u00e4higer machen kannst.<\/p><\/div>\n\t\t\t\t<\/div>\n\t\t\t\t\t\t\t<div class=\"elementor-accordion-item\">\n\t\t\t\t\t<div id=\"elementor-tab-title-90810\" class=\"elementor-tab-title\" data-tab=\"10\" role=\"button\" aria-controls=\"elementor-tab-content-90810\" aria-expanded=\"false\">\n\t\t\t\t\t\t\t\t\t\t\t\t\t<span class=\"elementor-accordion-icon elementor-accordion-icon-left\" aria-hidden=\"true\">\n\t\t\t\t\t\t\t\t\t\t\t\t\t\t\t<span class=\"elementor-accordion-icon-closed\"><i class=\"fas fa-plus\"><\/i><\/span>\n\t\t\t\t\t\t\t\t<span class=\"elementor-accordion-icon-opened\"><i class=\"fas fa-minus\"><\/i><\/span>\n\t\t\t\t\t\t\t\t\t\t\t\t\t\t<\/span>\n\t\t\t\t\t\t\t\t\t\t\t\t<a class=\"elementor-accordion-title\" tabindex=\"0\">Baumklettern \u2013 Lenz<\/a>\n\t\t\t\t\t<\/div>\n\t\t\t\t\t<div id=\"elementor-tab-content-90810\" class=\"elementor-tab-content elementor-clearfix\" data-tab=\"10\" role=\"region\" aria-labelledby=\"elementor-tab-title-90810\"><p>Klettern ist erwiesenerma\u00dfen gut f\u00fcr die psychische Gesundheit. Da in der Umgebung der gASTWERKe eher B\u00e4ume als Felsen zu finden sind, bieten wir Baumklettern als k\u00f6rperliche Aktivit\u00e4t an.<\/p><p>In diesem Workshop geht es hoch hinaus! <br \/>Hier lernst du die Grundlagen des Baumkletterns, Sicherheitsaspekte und den sicheren Umgang mit Kletterausr\u00fcstung kennen. Entdecke die faszinierende Welt des Baumkletterens in unserem Workshop, angeleitet von Lenz. Mit Lenz&#8216; umfassender Expertise im Klettern und einer Vielzahl von Trainings in unterschiedlichen Kontexten, ist Lenz die ideale Begleitung, um dir die Grundlagen des Baumkletterns n\u00e4herzubringen.<br \/><br \/>Der Workshop beinhaltet praktische \u00dcbungen, bei denen du das Klettern direkt ausprobieren und unser Konferenzgel\u00e4nde aus der Vogelperspektive betrachten kannst.<br \/><br \/>Menschen mit H\u00f6henangst sind herzlich willkommen und werden dabei unterst\u00fctzt, ihre \u00c4ngste zu \u00fcberwinden.<\/p><\/div>\n\t\t\t\t<\/div>\n\t\t\t\t\t\t\t<div class=\"elementor-accordion-item\">\n\t\t\t\t\t<div id=\"elementor-tab-title-90811\" class=\"elementor-tab-title\" data-tab=\"11\" role=\"button\" aria-controls=\"elementor-tab-content-90811\" aria-expanded=\"false\">\n\t\t\t\t\t\t\t\t\t\t\t\t\t<span class=\"elementor-accordion-icon elementor-accordion-icon-left\" aria-hidden=\"true\">\n\t\t\t\t\t\t\t\t\t\t\t\t\t\t\t<span class=\"elementor-accordion-icon-closed\"><i class=\"fas fa-plus\"><\/i><\/span>\n\t\t\t\t\t\t\t\t<span class=\"elementor-accordion-icon-opened\"><i class=\"fas fa-minus\"><\/i><\/span>\n\t\t\t\t\t\t\t\t\t\t\t\t\t\t<\/span>\n\t\t\t\t\t\t\t\t\t\t\t\t<a class=\"elementor-accordion-title\" tabindex=\"0\">Mentale Infrastrukturen: Wie Engagement nachhaltig verankert werden kann \u2013 Hannah Fischer & Chris Herrwig<\/a>\n\t\t\t\t\t<\/div>\n\t\t\t\t\t<div id=\"elementor-tab-content-90811\" class=\"elementor-tab-content elementor-clearfix\" data-tab=\"11\" role=\"region\" aria-labelledby=\"elementor-tab-title-90811\"><p>Forschungen zeigen, dass \u201ementale Infrastrukturen\u201c unseren Blick auf die Welt pr\u00e4gen: Insbesondere das Bed\u00fcrfnis nach \u201eh\u00f6her, schneller, weiter\u201c und generell das Streben nach Wachstum bestimmen viele unserer Lebensbereiche. In diesem Workshop nehmen wir diese von klein auf erlernten Denkweisen kritisch in den Blick und fragen danach, wie sie ver\u00e4ndert werden k\u00f6nnen. Denn beides ist ein wichtiger Schritt auf dem Weg hin zu globaler Gerechtigkeit.\u00a0<\/p><p>Bed\u00fcrfnisse lassen sich auf die unterschiedlichsten Weisen erf\u00fcllen \u2013 und oft nehmen wir sozial-\u00f6kologische zu selten in den Blick. Der Workshop liefert daf\u00fcr Impulse und schafft Grundlagen f\u00fcr wirkungsvolles (entwicklungs-)politisches Engagement.<\/p><\/div>\n\t\t\t\t<\/div>\n\t\t\t\t\t\t\t<div class=\"elementor-accordion-item\">\n\t\t\t\t\t<div id=\"elementor-tab-title-90812\" class=\"elementor-tab-title\" data-tab=\"12\" role=\"button\" aria-controls=\"elementor-tab-content-90812\" aria-expanded=\"false\">\n\t\t\t\t\t\t\t\t\t\t\t\t\t<span class=\"elementor-accordion-icon elementor-accordion-icon-left\" aria-hidden=\"true\">\n\t\t\t\t\t\t\t\t\t\t\t\t\t\t\t<span class=\"elementor-accordion-icon-closed\"><i class=\"fas fa-plus\"><\/i><\/span>\n\t\t\t\t\t\t\t\t<span class=\"elementor-accordion-icon-opened\"><i class=\"fas fa-minus\"><\/i><\/span>\n\t\t\t\t\t\t\t\t\t\t\t\t\t\t<\/span>\n\t\t\t\t\t\t\t\t\t\t\t\t<a class=\"elementor-accordion-title\" tabindex=\"0\">Kritische Perspektiven auf Freiwilligendienste \u2013 Sarah B\u00f6ger<\/a>\n\t\t\t\t\t<\/div>\n\t\t\t\t\t<div id=\"elementor-tab-content-90812\" class=\"elementor-tab-content elementor-clearfix\" data-tab=\"12\" role=\"region\" aria-labelledby=\"elementor-tab-title-90812\"><p>Wir m\u00f6chten in diesem Workshop gemeinsam einen kritischen Blick auf Freiwilligendienste werfen. Sowohl Nord-S\u00fcd- als auch S\u00fcd-Nord-Programme k\u00f6nnen problematische Strukturen festigen, Vorurteile best\u00e4rken oder Machtpositionen ausnutzen sowie bestehende Muster weiterf\u00fchren. Ausgehend von unseren eigenen Erfahrungen denken wir dar\u00fcber nach, welche Auswirkungen ein Freiwilligendienst haben kann, und versuchen diese kritisch zu reflektieren. Dann m\u00f6chten wir aber auch den Blick darauf lenken, welche Potenziale ein Freiwilligendienst hat. Was konnten wir lernen? Welche Zusammenh\u00e4nge konnten wir verstehen? Wie hat der Freiwilligendienst die eigene Sicht auf die Welt ver\u00e4ndert? Und was w\u00e4re n\u00f6tig, um diese positiven Effekte zu verst\u00e4rken? Wir wollen gemeinsam \u00fcberlegen, was ver\u00e4ndert werden muss, und konkrete Ideen f\u00fcr einen verantwortungsbewussten und sensiblen Freiwilligendienst entwickeln.<\/p><\/div>\n\t\t\t\t<\/div>\n\t\t\t\t\t\t\t<div class=\"elementor-accordion-item\">\n\t\t\t\t\t<div id=\"elementor-tab-title-90813\" class=\"elementor-tab-title\" data-tab=\"13\" role=\"button\" aria-controls=\"elementor-tab-content-90813\" aria-expanded=\"false\">\n\t\t\t\t\t\t\t\t\t\t\t\t\t<span class=\"elementor-accordion-icon elementor-accordion-icon-left\" aria-hidden=\"true\">\n\t\t\t\t\t\t\t\t\t\t\t\t\t\t\t<span class=\"elementor-accordion-icon-closed\"><i class=\"fas fa-plus\"><\/i><\/span>\n\t\t\t\t\t\t\t\t<span class=\"elementor-accordion-icon-opened\"><i class=\"fas fa-minus\"><\/i><\/span>\n\t\t\t\t\t\t\t\t\t\t\t\t\t\t<\/span>\n\t\t\t\t\t\t\t\t\t\t\t\t<a class=\"elementor-accordion-title\" tabindex=\"0\">Raufspiele \u2013 Alex Deutschmann<\/a>\n\t\t\t\t\t<\/div>\n\t\t\t\t\t<div id=\"elementor-tab-content-90813\" class=\"elementor-tab-content elementor-clearfix\" data-tab=\"13\" role=\"region\" aria-labelledby=\"elementor-tab-title-90813\"><p>Ein Raum mit Matten. Ein Kreis aus Menschen, sitzend. Einer begibt sich in die Mitte und fordert eine weitere Person heraus. Stimmt diese zu, sind zwei in der Mitte. Kampf, Spiel, Kontakt, zwei Menschen, gegeneinander, miteinander. Und der Kreis drum herum schaut zu und ist gespannt, was als n\u00e4chstes passiert.<br \/>Das ist ein Format namens playfight, es macht unglaublichen Spa\u00df und jeder kann mitmachen, denn: Es sind immer zwei Menschen innerhalb des Kreises, die f\u00fcr sich und beide zusammen von Moment zu Moment entscheiden, was gerade angebracht ist. Das k\u00f6nnen einfach Ber\u00fchrungen sein, sich lange anschauen, k\u00e4mpfen, kuscheln, \u2026Die einzige Grenze ist ein gesagtes \u201eStopp\u201c der anderen Person. Das Sch\u00f6ne ist, dass keiner vorher wei\u00df, was gleich passieren wird. Alles ist offen und h\u00e4ngt sowohl von mir als auch von der anderen Person ab.<\/p><\/div>\n\t\t\t\t<\/div>\n\t\t\t\t\t\t\t<div class=\"elementor-accordion-item\">\n\t\t\t\t\t<div id=\"elementor-tab-title-90814\" class=\"elementor-tab-title\" data-tab=\"14\" role=\"button\" aria-controls=\"elementor-tab-content-90814\" aria-expanded=\"false\">\n\t\t\t\t\t\t\t\t\t\t\t\t\t<span class=\"elementor-accordion-icon elementor-accordion-icon-left\" aria-hidden=\"true\">\n\t\t\t\t\t\t\t\t\t\t\t\t\t\t\t<span class=\"elementor-accordion-icon-closed\"><i class=\"fas fa-plus\"><\/i><\/span>\n\t\t\t\t\t\t\t\t<span class=\"elementor-accordion-icon-opened\"><i class=\"fas fa-minus\"><\/i><\/span>\n\t\t\t\t\t\t\t\t\t\t\t\t\t\t<\/span>\n\t\t\t\t\t\t\t\t\t\t\t\t<a class=\"elementor-accordion-title\" tabindex=\"0\">Queerfeminismus - Fred<\/a>\n\t\t\t\t\t<\/div>\n\t\t\t\t\t<div id=\"elementor-tab-content-90814\" class=\"elementor-tab-content elementor-clearfix\" data-tab=\"14\" role=\"region\" aria-labelledby=\"elementor-tab-title-90814\"><p>Wir beginnen den Workshop mit einer kleinen Zeitreise durch die Geschichte von Geschlechterverh\u00e4ltnissen und Queerness. Danach besch\u00e4ftigen wir uns mit einigen aktuellen Themen aus dem Queerfeminismus. Zum Beispiel: Was hat Geschlecht mit Kolonialismus zu tun? Sind durch das Selbstbestimmungsgesetz jetzt alle Menschen gleichberechtigt? Was sind queerfeministische Haltungen zu Sexarbeit?<br \/>Ich lade dich ein, deine eigenen Fragen und Unsicherheiten mitzubringen. Du brauchst kein Vorwissen.<br \/>Inhaltsnotiz: In diesem Workshop wird queerfeindliche und koloniale Gewalt teils erw\u00e4hnt und kurz erkl\u00e4rt.<\/p><p>Fred (fee\/fees) ist wei\u00df-christlich sozialisiert und kommt aus einer akademischen Familie. Fee ist queer, trans*, nichtbin\u00e4r und femme. Au\u00dferdem wird fee auf verschiedene Weisen sichtbar und unsichtbar beHindert. Fred arbeitet im Queeren Zentrum Kassel, kocht und bastelt gerne und lebt mit mehreren Katzen. In ruhigen Momenten tr\u00e4umt Fred von F\u00fcrsorgenetzwerken und sich gegenseitig unterst\u00fctzenden Communities.<\/p><p>Wenn du etwas Bestimmtes brauchst, um gut teilnehmen zu k\u00f6nnen, melde dich gerne vorher bei Fred: fred_queer@riseup.net<\/p><\/div>\n\t\t\t\t<\/div>\n\t\t\t\t\t\t\t\t<\/div>\n\t\t\t\t\t\t<\/div>\n\t\t\t\t<\/div>\n\t\t\t\t\t<\/div>\n\t\t<\/div>\n\t\t\t\t\t<\/div>\n\t\t<\/section>\n\t\t\t\t<section class=\"elementor-section elementor-top-section elementor-element elementor-element-bcbb1b3 elementor-section-boxed elementor-section-height-default elementor-section-height-default\" data-id=\"bcbb1b3\" data-element_type=\"section\" data-e-type=\"section\">\n\t\t\t\t\t\t<div class=\"elementor-container elementor-column-gap-default\">\n\t\t\t\t\t<div class=\"elementor-column elementor-col-100 elementor-top-column elementor-element elementor-element-f0a2d3f\" data-id=\"f0a2d3f\" data-element_type=\"column\" data-e-type=\"column\">\n\t\t\t<div class=\"elementor-widget-wrap elementor-element-populated\">\n\t\t\t\t\t\t<div class=\"elementor-element elementor-element-6b9aced elementor-widget elementor-widget-heading\" data-id=\"6b9aced\" data-element_type=\"widget\" data-e-type=\"widget\" data-widget_type=\"heading.default\">\n\t\t\t\t<div class=\"elementor-widget-container\">\n\t\t\t\t\t<h2 class=\"elementor-heading-title elementor-size-default\">Abendprogramm<\/h2>\t\t\t\t<\/div>\n\t\t\t\t<\/div>\n\t\t\t\t\t<\/div>\n\t\t<\/div>\n\t\t\t\t\t<\/div>\n\t\t<\/section>\n\t\t\t\t<section class=\"elementor-section elementor-top-section elementor-element elementor-element-99e7ead elementor-section-boxed elementor-section-height-default elementor-section-height-default\" data-id=\"99e7ead\" data-element_type=\"section\" data-e-type=\"section\">\n\t\t\t\t\t\t<div class=\"elementor-container elementor-column-gap-default\">\n\t\t\t\t\t<div class=\"elementor-column elementor-col-100 elementor-top-column elementor-element elementor-element-03c97c5\" data-id=\"03c97c5\" data-element_type=\"column\" data-e-type=\"column\">\n\t\t\t<div class=\"elementor-widget-wrap elementor-element-populated\">\n\t\t\t\t\t\t<div class=\"elementor-element elementor-element-de31bec elementor-position-top elementor-widget elementor-widget-image-box\" data-id=\"de31bec\" data-element_type=\"widget\" data-e-type=\"widget\" data-widget_type=\"image-box.default\">\n\t\t\t\t<div class=\"elementor-widget-container\">\n\t\t\t\t\t<div class=\"elementor-image-box-wrapper\"><figure class=\"elementor-image-box-img\"><img fetchpriority=\"high\" decoding=\"async\" width=\"1080\" height=\"1080\" src=\"https:\/\/undjetzt-konferenz.de\/wp-content\/uploads\/2024\/08\/KicherebZen.jpg\" class=\"attachment-full size-full wp-image-6110\" alt=\"\" srcset=\"https:\/\/undjetzt-konferenz.de\/wp-content\/uploads\/2024\/08\/KicherebZen.jpg 1080w, https:\/\/undjetzt-konferenz.de\/wp-content\/uploads\/2024\/08\/KicherebZen-300x300.jpg 300w, https:\/\/undjetzt-konferenz.de\/wp-content\/uploads\/2024\/08\/KicherebZen-150x150.jpg 150w, https:\/\/undjetzt-konferenz.de\/wp-content\/uploads\/2024\/08\/KicherebZen-768x768.jpg 768w, https:\/\/undjetzt-konferenz.de\/wp-content\/uploads\/2024\/08\/KicherebZen-540x540.jpg 540w\" sizes=\"(max-width: 1080px) 100vw, 1080px\" \/><\/figure><div class=\"elementor-image-box-content\"><h3 class=\"elementor-image-box-title\">\"Wie drei Wahnsinnige auf zu viel Kakao\"<\/h3><p class=\"elementor-image-box-description\">fusionieren die kichererbZen <br>Gypsy Jazz, Folk, Singer-Songwriter und gelegentliche Balkanbeats. <br><br>\n\nIhr Geheimnis f\u00fcr die besten Songs?<br>\n\"...wenn Felix Rhythmen und Harmonik auff\u00e4hrt, Tirisas Lyrics einfach nur so flie\u00dfen und Isi dann dazukommt und alles gut w\u00fcrzt und vermengt. Et voil\u00e0 Chickpeacurry!\" <br> <br> Na dann freut euch mit uns auf das beste &amp; lokal produzierte Chickpeacurry ever \ud83d\ude0d <br>\n\nDu willst mehr \u00fcber die Witzenhausener Band wissen? Na dann hier entlang: https:\/\/kichererbzen.band!<\/p><\/div><\/div>\t\t\t\t<\/div>\n\t\t\t\t<\/div>\n\t\t\t\t\t<\/div>\n\t\t<\/div>\n\t\t\t\t\t<\/div>\n\t\t<\/section>\n\t\t\t\t<section class=\"elementor-section elementor-top-section elementor-element elementor-element-8251a81 elementor-section-boxed elementor-section-height-default elementor-section-height-default\" data-id=\"8251a81\" data-element_type=\"section\" data-e-type=\"section\">\n\t\t\t\t\t\t<div class=\"elementor-container elementor-column-gap-default\">\n\t\t\t\t\t<div class=\"elementor-column elementor-col-100 elementor-top-column elementor-element elementor-element-1cb0df4\" data-id=\"1cb0df4\" data-element_type=\"column\" data-e-type=\"column\">\n\t\t\t<div class=\"elementor-widget-wrap elementor-element-populated\">\n\t\t\t\t\t\t<div class=\"elementor-element elementor-element-ead67e7 elementor-position-top elementor-widget elementor-widget-image-box\" data-id=\"ead67e7\" data-element_type=\"widget\" data-e-type=\"widget\" data-widget_type=\"image-box.default\">\n\t\t\t\t<div class=\"elementor-widget-container\">\n\t\t\t\t\t<div class=\"elementor-image-box-wrapper\"><figure class=\"elementor-image-box-img\"><img decoding=\"async\" width=\"960\" height=\"700\" src=\"https:\/\/undjetzt-konferenz.de\/wp-content\/uploads\/2024\/08\/Theater_Bild-Riadh.jpg\" class=\"attachment-full size-full wp-image-6120\" alt=\"\" srcset=\"https:\/\/undjetzt-konferenz.de\/wp-content\/uploads\/2024\/08\/Theater_Bild-Riadh.jpg 960w, https:\/\/undjetzt-konferenz.de\/wp-content\/uploads\/2024\/08\/Theater_Bild-Riadh-300x219.jpg 300w, https:\/\/undjetzt-konferenz.de\/wp-content\/uploads\/2024\/08\/Theater_Bild-Riadh-768x560.jpg 768w, https:\/\/undjetzt-konferenz.de\/wp-content\/uploads\/2024\/08\/Theater_Bild-Riadh-540x394.jpg 540w\" sizes=\"(max-width: 960px) 100vw, 960px\" \/><\/figure><div class=\"elementor-image-box-content\"><h3 class=\"elementor-image-box-title\">Theater: Die Falle<\/h3><p class=\"elementor-image-box-description\">Die Beschreibung folgt in K\u00fcrze :-)<\/p><\/div><\/div>\t\t\t\t<\/div>\n\t\t\t\t<\/div>\n\t\t\t\t\t<\/div>\n\t\t<\/div>\n\t\t\t\t\t<\/div>\n\t\t<\/section>\n\t\t\t\t<section class=\"elementor-section elementor-top-section elementor-element elementor-element-5d8f322 elementor-section-boxed elementor-section-height-default elementor-section-height-default\" data-id=\"5d8f322\" data-element_type=\"section\" data-e-type=\"section\">\n\t\t\t\t\t\t<div class=\"elementor-container elementor-column-gap-default\">\n\t\t\t\t\t<div class=\"elementor-column elementor-col-100 elementor-top-column elementor-element elementor-element-65f969f\" data-id=\"65f969f\" data-element_type=\"column\" data-e-type=\"column\">\n\t\t\t<div class=\"elementor-widget-wrap elementor-element-populated\">\n\t\t\t\t\t\t<div class=\"elementor-element elementor-element-94305db elementor-position-top elementor-widget elementor-widget-image-box\" data-id=\"94305db\" data-element_type=\"widget\" data-e-type=\"widget\" data-widget_type=\"image-box.default\">\n\t\t\t\t<div class=\"elementor-widget-container\">\n\t\t\t\t\t<div class=\"elementor-image-box-wrapper\"><figure class=\"elementor-image-box-img\"><img decoding=\"async\" width=\"1080\" height=\"1080\" src=\"https:\/\/undjetzt-konferenz.de\/wp-content\/uploads\/2024\/08\/5289543840874749377.jpg\" class=\"attachment-full size-full wp-image-6083\" alt=\"\" srcset=\"https:\/\/undjetzt-konferenz.de\/wp-content\/uploads\/2024\/08\/5289543840874749377.jpg 1080w, https:\/\/undjetzt-konferenz.de\/wp-content\/uploads\/2024\/08\/5289543840874749377-300x300.jpg 300w, https:\/\/undjetzt-konferenz.de\/wp-content\/uploads\/2024\/08\/5289543840874749377-150x150.jpg 150w, https:\/\/undjetzt-konferenz.de\/wp-content\/uploads\/2024\/08\/5289543840874749377-768x768.jpg 768w, https:\/\/undjetzt-konferenz.de\/wp-content\/uploads\/2024\/08\/5289543840874749377-540x540.jpg 540w\" sizes=\"(max-width: 1080px) 100vw, 1080px\" \/><\/figure><div class=\"elementor-image-box-content\"><h3 class=\"elementor-image-box-title\">Ihre Musik kennt keine Grenzen!<\/h3><p class=\"elementor-image-box-description\">Selfmade Artist YETUNDEY ist Rapperin, S\u00e4ngerin, Produzentin, Songwriterin, Model, T\u00e4nzerin, Videoregisseurin, Modedesignerin und vor allem einer der spannendsten und kreativsten K\u00f6pfe in der deutschen Musiklandschaft.<br>\n<br>Dabei reicht der musikalische Kosmos von ballerndem Elektro-Rap \u00fcber introspektive, orchestrale Balladen bis hin zu Pop-Hooks \u2013 YETUNDEY kann und will sich k\u00fcnstlerisch nicht einschr\u00e4nken. Ob ironische Selbstinszenierung, verletzliche Auseinandersetzung mit toxischen Beziehungen zu sich selbst und anderen oder beeindruckend komplexem Storytelling - YETUNDEY zeigt, dass das Leben zu komplex ist, um sich auf eine Schublade festzulegen.<br><br>Wir sind hyped, dass sie Lust hat auf der undjetzt?!-Konferenz ein Soloprogramm zu spielen! \n<\/p><\/div><\/div>\t\t\t\t<\/div>\n\t\t\t\t<\/div>\n\t\t\t\t\t<\/div>\n\t\t<\/div>\n\t\t\t\t\t<\/div>\n\t\t<\/section>\n\t\t\t\t<\/div>\n\t\t","protected":false},"excerpt":{"rendered":"<p>Endlich ist sie da &#8211; die \u00dcbersicht \u00fcber die gemeinsame Woche! (oben) Die undjetzt?! findet vom 10.-17. August 2024 bei den gASTWERKen in Escherode statt. Die beiden Samstage&hellip;<\/p>\n","protected":false},"author":23,"featured_media":6069,"parent":0,"menu_order":0,"comment_status":"closed","ping_status":"closed","template":"","meta":{"footnotes":""},"class_list":["post-5440","page","type-page","status-publish","has-post-thumbnail","hentry"],"translation":{"provider":"WPGlobus","version":"3.0.2","language":"en","enabled_languages":["de","en"],"languages":{"de":{"title":true,"content":true,"excerpt":false},"en":{"title":false,"content":false,"excerpt":false}}},"_links":{"self":[{"href":"https:\/\/undjetzt-konferenz.de\/en\/wp-json\/wp\/v2\/pages\/5440","targetHints":{"allow":["GET"]}}],"collection":[{"href":"https:\/\/undjetzt-konferenz.de\/en\/wp-json\/wp\/v2\/pages"}],"about":[{"href":"https:\/\/undjetzt-konferenz.de\/en\/wp-json\/wp\/v2\/types\/page"}],"author":[{"embeddable":true,"href":"https:\/\/undjetzt-konferenz.de\/en\/wp-json\/wp\/v2\/users\/23"}],"replies":[{"embeddable":true,"href":"https:\/\/undjetzt-konferenz.de\/en\/wp-json\/wp\/v2\/comments?post=5440"}],"version-history":[{"count":121,"href":"https:\/\/undjetzt-konferenz.de\/en\/wp-json\/wp\/v2\/pages\/5440\/revisions"}],"predecessor-version":[{"id":6124,"href":"https:\/\/undjetzt-konferenz.de\/en\/wp-json\/wp\/v2\/pages\/5440\/revisions\/6124"}],"wp:featuredmedia":[{"embeddable":true,"href":"https:\/\/undjetzt-konferenz.de\/en\/wp-json\/wp\/v2\/media\/6069"}],"wp:attachment":[{"href":"https:\/\/undjetzt-konferenz.de\/en\/wp-json\/wp\/v2\/media?parent=5440"}],"curies":[{"name":"wp","href":"https:\/\/api.w.org\/{rel}","templated":true}]}}